{"id":7139,"date":"2023-07-26T10:57:37","date_gmt":"2023-07-26T08:57:37","guid":{"rendered":"https:\/\/pangee.org\/?page_id=7139"},"modified":"2023-07-26T10:59:32","modified_gmt":"2023-07-26T08:59:32","slug":"mali","status":"publish","type":"page","link":"https:\/\/pangee.org\/index.php\/mali\/","title":{"rendered":"Mali"},"content":{"rendered":"\t\t<div data-elementor-type=\"wp-page\" data-elementor-id=\"7139\" class=\"elementor elementor-7139\">\n\t\t\t\t\t\t<section class=\"has-el-gap el-gap-default elementor-section elementor-top-section elementor-element elementor-element-7fbe399 elementor-section-boxed elementor-section-height-default elementor-section-height-default\" data-id=\"7fbe399\" data-element_type=\"section\">\n\t\t\t\t\t\t<div class=\"elementor-container elementor-column-gap-no\">\n\t\t\t\t\t<div class=\"elementor-column elementor-col-100 elementor-top-column elementor-element elementor-element-adec4a5\" data-id=\"adec4a5\" data-element_type=\"column\">\n\t\t\t<div class=\"elementor-widget-wrap elementor-element-populated\">\n\t\t\t\t\t\t<div class=\"elementor-element elementor-element-cf49b40 elementor-widget elementor-widget-spacer\" data-id=\"cf49b40\" data-element_type=\"widget\" data-widget_type=\"spacer.default\">\n\t\t\t\t<div class=\"elementor-widget-container\">\n\t\t\t\t\t\t\t<div class=\"elementor-spacer\">\n\t\t\t<div class=\"elementor-spacer-inner\"><\/div>\n\t\t<\/div>\n\t\t\t\t\t\t<\/div>\n\t\t\t\t<\/div>\n\t\t\t\t<div class=\"elementor-element elementor-element-70f8917 elementor-widget elementor-widget-heading\" data-id=\"70f8917\" data-element_type=\"widget\" data-widget_type=\"heading.default\">\n\t\t\t\t<div class=\"elementor-widget-container\">\n\t\t\t\t\t<h2 class=\"elementor-heading-title elementor-size-default\">Etat du trafic d'enfant au Mali<\/h2>\t\t\t\t<\/div>\n\t\t\t\t<\/div>\n\t\t\t\t<div class=\"elementor-element elementor-element-de415da elementor-widget-divider--view-line elementor-widget elementor-widget-divider\" data-id=\"de415da\" data-element_type=\"widget\" data-widget_type=\"divider.default\">\n\t\t\t\t<div class=\"elementor-widget-container\">\n\t\t\t\t\t\t\t<div class=\"elementor-divider\">\n\t\t\t<span class=\"elementor-divider-separator\">\n\t\t\t\t\t\t<\/span>\n\t\t<\/div>\n\t\t\t\t\t\t<\/div>\n\t\t\t\t<\/div>\n\t\t\t\t<div class=\"elementor-element elementor-element-787ff0b elementor-widget elementor-widget-text-editor\" data-id=\"787ff0b\" data-element_type=\"widget\" data-widget_type=\"text-editor.default\">\n\t\t\t\t<div class=\"elementor-widget-container\">\n\t\t\t\t\t\t\t\t\t<p>La situation des enfants au Mali est devenue pr\u00e9occupante en raison du conflit arm\u00e9, de l&rsquo;ins\u00e9curit\u00e9 croissante et de la pand\u00e9mie de Covid-19. Le Haut Commissariat des Nations Unies pour les r\u00e9fugi\u00e9s (HCR) met en garde contre l&rsquo;augmentation alarmante de la traite des enfants, du travail forc\u00e9 et du recrutement forc\u00e9 par des groupes arm\u00e9s dans le pays. Ces violations des droits humains touchent les Maliens ainsi que les r\u00e9fugi\u00e9s, les demandeurs d&rsquo;asile et les migrants, rendant la situation encore plus critique.<\/p>\n<p style=\"border-style: solid; border-color: #d9d9e3; --tw-border-spacing-x: 0; --tw-border-spacing-y: 0; --tw-translate-x: 0; --tw-translate-y: 0; --tw-rotate: 0; --tw-skew-x: 0; --tw-skew-y: 0; --tw-scale-x: 1; --tw-scale-y: 1; --tw-scroll-snap-strictness: proximity; --tw-ring-offset-width: 0px; --tw-ring-offset-color: #fff; --tw-ring-color: rgba(69,89,164,.5); --tw-ring-offset-shadow: 0 0 transparent; --tw-ring-shadow: 0 0 transparent; --tw-shadow: 0 0 transparent; --tw-shadow-colored: 0 0 transparent; margin-top: 1.25em; margin-bottom: 1.25em; color: #374151; font-family: S\u00f6hne, ui-sans-serif, system-ui, -apple-system, 'Segoe UI', Roboto, Ubuntu, Cantarell, 'Noto Sans', sans-serif, 'Helvetica Neue', Arial, 'Apple Color Emoji', 'Segoe UI Emoji', 'Segoe UI Symbol', 'Noto Color Emoji'; font-size: 16px; white-space-collapse: preserve; background-color: #f7f7f8;\">Une augmentation inqui\u00e9tante de la traite des enfants et du travail forc\u00e9 Le rapport r\u00e9cemment publi\u00e9 par le Groupe mondial de la protection (GPC), dirig\u00e9 par le HCR, r\u00e9v\u00e8le une hausse significative des cas de recrutement d&rsquo;enfants au Mali au cours du premier semestre de 2020. Comparativement \u00e0 l&rsquo;ann\u00e9e 2019, le nombre de cas a augment\u00e9, atteignant 230 cas contre 215 l&rsquo;ann\u00e9e pr\u00e9c\u00e9dente. Les groupes arm\u00e9s exploitent \u00e9galement les enfants en les envoyant travailler dans les mines d&rsquo;or pour financer leurs activit\u00e9s, alimenter le commerce des armes et renforcer la violence.<\/p>\n<p style=\"border-style: solid; border-color: #d9d9e3; --tw-border-spacing-x: 0; --tw-border-spacing-y: 0; --tw-translate-x: 0; --tw-translate-y: 0; --tw-rotate: 0; --tw-skew-x: 0; --tw-skew-y: 0; --tw-scale-x: 1; --tw-scale-y: 1; --tw-scroll-snap-strictness: proximity; --tw-ring-offset-width: 0px; --tw-ring-offset-color: #fff; --tw-ring-color: rgba(69,89,164,.5); --tw-ring-offset-shadow: 0 0 transparent; --tw-ring-shadow: 0 0 transparent; --tw-shadow: 0 0 transparent; --tw-shadow-colored: 0 0 transparent; margin-top: 1.25em; margin-bottom: 1.25em; color: #374151; font-family: S\u00f6hne, ui-sans-serif, system-ui, -apple-system, 'Segoe UI', Roboto, Ubuntu, Cantarell, 'Noto Sans', sans-serif, 'Helvetica Neue', Arial, 'Apple Color Emoji', 'Segoe UI Emoji', 'Segoe UI Symbol', 'Noto Color Emoji'; font-size: 16px; white-space-collapse: preserve; background-color: #f7f7f8;\">Les enfants, pouss\u00e9s par les circonstances, sont \u00e9galement contraints de travailler dans les mines d&rsquo;or informelles, notamment dans les r\u00e9gions de Gao et Kidal, o\u00f9 les groupes arm\u00e9s exercent leur contr\u00f4le. Des \u00e9valuations rapides sur la protection de l&rsquo;enfance r\u00e9v\u00e8lent que pr\u00e8s de 6000 enfants, principalement des gar\u00e7ons, travaillent dans huit sites miniers du pays. Ces enfants sont expos\u00e9s aux pires formes de travail des enfants, ainsi qu&rsquo;\u00e0 l&rsquo;exploitation \u00e9conomique et aux abus sexuels, physiques et psychologiques.<\/p>\n<p style=\"border-style: solid; border-color: #d9d9e3; --tw-border-spacing-x: 0; --tw-border-spacing-y: 0; --tw-translate-x: 0; --tw-translate-y: 0; --tw-rotate: 0; --tw-skew-x: 0; --tw-skew-y: 0; --tw-scale-x: 1; --tw-scale-y: 1; --tw-scroll-snap-strictness: proximity; --tw-ring-offset-width: 0px; --tw-ring-offset-color: #fff; --tw-ring-color: rgba(69,89,164,.5); --tw-ring-offset-shadow: 0 0 transparent; --tw-ring-shadow: 0 0 transparent; --tw-shadow: 0 0 transparent; --tw-shadow-colored: 0 0 transparent; margin-top: 1.25em; margin-bottom: 1.25em; color: #374151; font-family: S\u00f6hne, ui-sans-serif, system-ui, -apple-system, 'Segoe UI', Roboto, Ubuntu, Cantarell, 'Noto Sans', sans-serif, 'Helvetica Neue', Arial, 'Apple Color Emoji', 'Segoe UI Emoji', 'Segoe UI Symbol', 'Noto Color Emoji'; font-size: 16px; white-space-collapse: preserve; background-color: #f7f7f8;\">Des enfants pris au pi\u00e8ge d&rsquo;une exploitation sans fin La situation des enfants dans les mines d&rsquo;or est d\u00e9chirante. Certains sont arriv\u00e9s sur les sites \u00ab \u00e0 cr\u00e9dit \u00bb, ayant leur transport et leur alimentation pr\u00e9financ\u00e9s par une tierce partie. D&rsquo;autres travaillent sans \u00eatre pay\u00e9s pendant des journ\u00e9es enti\u00e8res, contraints de rembourser leurs \u00ab dettes \u00bb de recrutement et de voyage sans d\u00e9lai d\u00e9fini. Cette exploitation \u00e9conomique sans fin maintient les enfants dans une situation vuln\u00e9rable et les expose \u00e0 des abus constants.<\/p>\n<p style=\"border-style: solid; border-color: #d9d9e3; --tw-border-spacing-x: 0; --tw-border-spacing-y: 0; --tw-translate-x: 0; --tw-translate-y: 0; --tw-rotate: 0; --tw-skew-x: 0; --tw-skew-y: 0; --tw-scale-x: 1; --tw-scale-y: 1; --tw-scroll-snap-strictness: proximity; --tw-ring-offset-width: 0px; --tw-ring-offset-color: #fff; --tw-ring-color: rgba(69,89,164,.5); --tw-ring-offset-shadow: 0 0 transparent; --tw-ring-shadow: 0 0 transparent; --tw-shadow: 0 0 transparent; --tw-shadow-colored: 0 0 transparent; margin-top: 1.25em; margin-bottom: 1.25em; color: #374151; font-family: S\u00f6hne, ui-sans-serif, system-ui, -apple-system, 'Segoe UI', Roboto, Ubuntu, Cantarell, 'Noto Sans', sans-serif, 'Helvetica Neue', Arial, 'Apple Color Emoji', 'Segoe UI Emoji', 'Segoe UI Symbol', 'Noto Color Emoji'; font-size: 16px; white-space-collapse: preserve; background-color: #f7f7f8;\">Les cons\u00e9quences d\u00e9vastatrices du conflit et de la pand\u00e9mie de Covid-19 Avec les \u00e9coles ferm\u00e9es en raison du conflit, de l&rsquo;ins\u00e9curit\u00e9 et de la pand\u00e9mie de Covid-19, les enfants sont davantage expos\u00e9s \u00e0 ces abus. En l&rsquo;absence d&rsquo;acc\u00e8s \u00e0 l&rsquo;\u00e9ducation et aux opportunit\u00e9s, beaucoup se retrouvent forc\u00e9s de travailler dans des conditions dangereuses et pr\u00e9caires.<\/p>\n<p style=\"border-style: solid; border-color: #d9d9e3; --tw-border-spacing-x: 0; --tw-border-spacing-y: 0; --tw-translate-x: 0; --tw-translate-y: 0; --tw-rotate: 0; --tw-skew-x: 0; --tw-skew-y: 0; --tw-scale-x: 1; --tw-scale-y: 1; --tw-scroll-snap-strictness: proximity; --tw-ring-offset-width: 0px; --tw-ring-offset-color: #fff; --tw-ring-color: rgba(69,89,164,.5); --tw-ring-offset-shadow: 0 0 transparent; --tw-ring-shadow: 0 0 transparent; --tw-shadow: 0 0 transparent; --tw-shadow-colored: 0 0 transparent; margin-top: 1.25em; margin-bottom: 1.25em; color: #374151; font-family: S\u00f6hne, ui-sans-serif, system-ui, -apple-system, 'Segoe UI', Roboto, Ubuntu, Cantarell, 'Noto Sans', sans-serif, 'Helvetica Neue', Arial, 'Apple Color Emoji', 'Segoe UI Emoji', 'Segoe UI Symbol', 'Noto Color Emoji'; font-size: 16px; white-space-collapse: preserve; background-color: #f7f7f8;\">De plus, des informations provenant de la r\u00e9gion de Mopti mettent en lumi\u00e8re des cas d&rsquo;enl\u00e8vements, d&rsquo;agressions sexuelles et de viols perp\u00e9tr\u00e9s \u00e0 l&rsquo;encontre de femmes et de jeunes filles. Le Mali est \u00e9galement confront\u00e9 \u00e0 une augmentation des mariages pr\u00e9coces, touchant environ 53% des filles qui sont mari\u00e9es avant l&rsquo;\u00e2ge de 18 ans.<\/p>\n<p style=\"border-style: solid; border-color: #d9d9e3; --tw-border-spacing-x: 0; --tw-border-spacing-y: 0; --tw-translate-x: 0; --tw-translate-y: 0; --tw-rotate: 0; --tw-skew-x: 0; --tw-skew-y: 0; --tw-scale-x: 1; --tw-scale-y: 1; --tw-scroll-snap-strictness: proximity; --tw-ring-offset-width: 0px; --tw-ring-offset-color: #fff; --tw-ring-color: rgba(69,89,164,.5); --tw-ring-offset-shadow: 0 0 transparent; --tw-ring-shadow: 0 0 transparent; --tw-shadow: 0 0 transparent; --tw-shadow-colored: 0 0 transparent; margin-top: 1.25em; margin-bottom: 1.25em; color: #374151; font-family: S\u00f6hne, ui-sans-serif, system-ui, -apple-system, 'Segoe UI', Roboto, Ubuntu, Cantarell, 'Noto Sans', sans-serif, 'Helvetica Neue', Arial, 'Apple Color Emoji', 'Segoe UI Emoji', 'Segoe UI Symbol', 'Noto Color Emoji'; font-size: 16px; white-space-collapse: preserve; background-color: #f7f7f8;\">Une r\u00e9gion en crise humanitaire rapide La r\u00e9gion du Sahel est confront\u00e9e \u00e0 l&rsquo;une des crises humanitaires \u00e0 la croissance la plus rapide au monde, o\u00f9 les droits humains sont bafou\u00e9s de mani\u00e8re flagrante. Les enfants sont forc\u00e9s \u00e0 combattre, victimes de traite, de viols, de ventes et de mariages forc\u00e9s. Les conflits et la d\u00e9t\u00e9rioration socio-\u00e9conomique exacerb\u00e9s par la pand\u00e9mie ont cr\u00e9\u00e9 une situation alarmante pour les enfants au Mali.<\/p>\n<p style=\"border-style: solid; border-color: #d9d9e3; --tw-border-spacing-x: 0; --tw-border-spacing-y: 0; --tw-translate-x: 0; --tw-translate-y: 0; --tw-rotate: 0; --tw-skew-x: 0; --tw-skew-y: 0; --tw-scale-x: 1; --tw-scale-y: 1; --tw-scroll-snap-strictness: proximity; --tw-ring-offset-width: 0px; --tw-ring-offset-color: #fff; --tw-ring-color: rgba(69,89,164,.5); --tw-ring-offset-shadow: 0 0 transparent; --tw-ring-shadow: 0 0 transparent; --tw-shadow: 0 0 transparent; --tw-shadow-colored: 0 0 transparent; margin-top: 1.25em; margin-bottom: 1.25em; color: #374151; font-family: S\u00f6hne, ui-sans-serif, system-ui, -apple-system, 'Segoe UI', Roboto, Ubuntu, Cantarell, 'Noto Sans', sans-serif, 'Helvetica Neue', Arial, 'Apple Color Emoji', 'Segoe UI Emoji', 'Segoe UI Symbol', 'Noto Color Emoji'; font-size: 16px; white-space-collapse: preserve; background-color: #f7f7f8;\">Des efforts urgents n\u00e9cessaires pour prot\u00e9ger les enfants vuln\u00e9rables Le HCR appelle \u00e0 une augmentation de l&rsquo;aide pour pr\u00e9venir et lutter contre la traite des \u00eatres humains, pour prot\u00e9ger les personnes \u00e0 risque et pour apporter une assistance aux victimes. Il est crucial que les auteurs de ces actes soient traduits en justice pour mettre fin \u00e0 cette exploitation intol\u00e9rable.<\/p>\n<p style=\"border-style: solid; border-color: #d9d9e3; --tw-border-spacing-x: 0; --tw-border-spacing-y: 0; --tw-translate-x: 0; --tw-translate-y: 0; --tw-rotate: 0; --tw-skew-x: 0; --tw-skew-y: 0; --tw-scale-x: 1; --tw-scale-y: 1; --tw-scroll-snap-strictness: proximity; --tw-ring-offset-width: 0px; --tw-ring-offset-color: #fff; --tw-ring-color: rgba(69,89,164,.5); --tw-ring-offset-shadow: 0 0 transparent; --tw-ring-shadow: 0 0 transparent; --tw-shadow: 0 0 transparent; --tw-shadow-colored: 0 0 transparent; margin-top: 1.25em; color: #374151; font-family: S\u00f6hne, ui-sans-serif, system-ui, -apple-system, 'Segoe UI', Roboto, Ubuntu, Cantarell, 'Noto Sans', sans-serif, 'Helvetica Neue', Arial, 'Apple Color Emoji', 'Segoe UI Emoji', 'Segoe UI Symbol', 'Noto Color Emoji'; font-size: 16px; white-space-collapse: preserve; background-color: #f7f7f8;\">La traite des enfants, le travail forc\u00e9 et le recrutement forc\u00e9 par des groupes arm\u00e9s au Mali sont des probl\u00e8mes critiques qui n\u00e9cessitent une action urgente. La d\u00e9t\u00e9rioration des conditions \u00e9conomiques et l&rsquo;ins\u00e9curit\u00e9 continue exacerbent la vuln\u00e9rabilit\u00e9 des enfants. Il est imp\u00e9ratif que la communaut\u00e9 internationale apporte un soutien accru pour prot\u00e9ger ces enfants vuln\u00e9rables et mettre un terme \u00e0 cette situation alarmante<\/p>\t\t\t\t\t\t\t\t<\/div>\n\t\t\t\t<\/div>\n\t\t\t\t\t<\/div>\n\t\t<\/div>\n\t\t\t\t\t<\/div>\n\t\t<\/section>\n\t\t\t\t<\/div>\n\t\t","protected":false},"excerpt":{"rendered":"<p>Etat du trafic d&rsquo;enfant au Mali La situation des enfants au Mali est devenue pr\u00e9occupante en raison du conflit arm\u00e9, de l&rsquo;ins\u00e9curit\u00e9 croissante et de la pand\u00e9mie de Covid-19. Le Haut Commissariat des Nations Unies pour les r\u00e9fugi\u00e9s (HCR) met en garde contre l&rsquo;augmentation alarmante de la traite des enfants, du travail forc\u00e9 et du<\/p>\n","protected":false},"author":1,"featured_media":0,"parent":0,"menu_order":0,"comment_status":"closed","ping_status":"closed","template":"page-templates\/no-wrapper.php","meta":{"footnotes":""},"class_list":["post-7139","page","type-page","status-publish"],"_links":{"self":[{"href":"https:\/\/pangee.org\/index.php\/wp-json\/wp\/v2\/pages\/7139","targetHints":{"allow":["GET"]}}],"collection":[{"href":"https:\/\/pangee.org\/index.php\/wp-json\/wp\/v2\/pages"}],"about":[{"href":"https:\/\/pangee.org\/index.php\/wp-json\/wp\/v2\/types\/page"}],"author":[{"embeddable":true,"href":"https:\/\/pangee.org\/index.php\/wp-json\/wp\/v2\/users\/1"}],"replies":[{"embeddable":true,"href":"https:\/\/pangee.org\/index.php\/wp-json\/wp\/v2\/comments?post=7139"}],"version-history":[{"count":4,"href":"https:\/\/pangee.org\/index.php\/wp-json\/wp\/v2\/pages\/7139\/revisions"}],"predecessor-version":[{"id":7143,"href":"https:\/\/pangee.org\/index.php\/wp-json\/wp\/v2\/pages\/7139\/revisions\/7143"}],"wp:attachment":[{"href":"https:\/\/pangee.org\/index.php\/wp-json\/wp\/v2\/media?parent=7139"}],"curies":[{"name":"wp","href":"https:\/\/api.w.org\/{rel}","templated":true}]}}